{"id":2176,"date":"2025-10-10T16:00:11","date_gmt":"2025-10-10T16:00:11","guid":{"rendered":"https:\/\/ententecordialeday.org\/?page_id=2176"},"modified":"2026-01-16T17:18:04","modified_gmt":"2026-01-16T17:18:04","slug":"the-master-class","status":"publish","type":"page","link":"https:\/\/ententecordialeday.org\/fr\/the-master-class\/","title":{"rendered":"Les Conf\u00e9rences de l'Entente Cordiale Day"},"content":{"rendered":"<div data-elementor-type=\"wp-page\" data-elementor-id=\"2176\" class=\"elementor elementor-2176\" data-elementor-post-type=\"page\">\n\t\t\t\t<div class=\"elementor-element elementor-element-13da14e e-con-full e-flex e-con e-parent\" data-id=\"13da14e\" data-element_type=\"container\" data-e-type=\"container\" data-settings=\"{&quot;background_background&quot;:&quot;classic&quot;}\">\n\t\t\t\t<div class=\"elementor-element elementor-element-3abd6a6 elementor-widget elementor-widget-heading\" data-id=\"3abd6a6\" data-element_type=\"widget\" data-e-type=\"widget\" data-widget_type=\"heading.default\">\n\t\t\t\t\t<h2 class=\"elementor-heading-title elementor-size-default\">Les Conf\u00e9rences de l'Entente Cordiale Day<\/h2>\t\t\t\t<\/div>\n\t\t\t\t<\/div>\n\t\t<div class=\"elementor-element elementor-element-8dc7463 e-flex e-con-boxed e-con e-parent\" data-id=\"8dc7463\" data-element_type=\"container\" data-e-type=\"container\" data-settings=\"{&quot;background_background&quot;:&quot;classic&quot;}\">\n\t\t\t\t\t<div class=\"e-con-inner\">\n\t\t<div class=\"elementor-element elementor-element-df729a2 e-con-full e-flex e-con e-child\" data-id=\"df729a2\" data-element_type=\"container\" data-e-type=\"container\">\n\t\t\t\t<div class=\"elementor-element elementor-element-fc88855 elementor-widget__width-initial elementor-widget elementor-widget-image\" data-id=\"fc88855\" data-element_type=\"widget\" data-e-type=\"widget\" data-widget_type=\"image.default\">\n\t\t\t\t\t\t\t\t\t\t\t\t\t\t\t<img fetchpriority=\"high\" decoding=\"async\" width=\"941\" height=\"878\" src=\"https:\/\/ententecordialeday.org\/wp-content\/uploads\/2025\/10\/Capture-decran-2025-10-13-a-14.35.16.png\" class=\"attachment-full size-full wp-image-2470\" alt=\"\" srcset=\"https:\/\/ententecordialeday.org\/wp-content\/uploads\/2025\/10\/Capture-decran-2025-10-13-a-14.35.16.png 941w, https:\/\/ententecordialeday.org\/wp-content\/uploads\/2025\/10\/Capture-decran-2025-10-13-a-14.35.16-300x280.png 300w, https:\/\/ententecordialeday.org\/wp-content\/uploads\/2025\/10\/Capture-decran-2025-10-13-a-14.35.16-768x717.png 768w, https:\/\/ententecordialeday.org\/wp-content\/uploads\/2025\/10\/Capture-decran-2025-10-13-a-14.35.16-13x12.png 13w\" sizes=\"(max-width: 941px) 100vw, 941px\" \/>\t\t\t\t\t\t\t\t\t\t\t\t\t\t\t<\/div>\n\t\t\t\t<\/div>\n\t\t<div class=\"elementor-element elementor-element-227f480 e-con-full e-flex e-con e-child\" data-id=\"227f480\" data-element_type=\"container\" data-e-type=\"container\">\n\t\t\t\t<div class=\"elementor-element elementor-element-8691b6b elementor-widget elementor-widget-heading\" data-id=\"8691b6b\" data-element_type=\"widget\" data-e-type=\"widget\" data-widget_type=\"heading.default\">\n\t\t\t\t\t<h3 class=\"elementor-heading-title elementor-size-default\">Les Conf\u00e9rences de l'Entente Cordiale Day<\/h3>\t\t\t\t<\/div>\n\t\t\t\t<div class=\"elementor-element elementor-element-0851f15 elementor-widget elementor-widget-text-editor\" data-id=\"0851f15\" data-element_type=\"widget\" data-e-type=\"widget\" data-widget_type=\"text-editor.default\">\n\t\t\t\t\t\t\t\t\t<p class=\"p1\">D'octobre \u00e0 mars, les Conf\u00e9rences de l'Entente Cordiale Day constituent une s\u00e9rie d'\u00e9v\u00e9nements \u00e0 fort\nimpact organis\u00e9s au Royaume-Uni et en France, en compl\u00e9ment des deux principaux rendez-vous annuels\nde la Journ\u00e9e Entente Cordiale : le Sommet en avril et la R\u00e9union des Anciens \u00c9l\u00e8ves en juillet. Organis\u00e9es\nen collaboration avec des institutions partenaires, ces conf\u00e9rences r\u00e9unissent \u00e9tudiants, experts et\nd\u00e9cideurs autour de deux axes compl\u00e9mentaires, avec un accent particulier sur l'innovation et l'engagement\ndes jeunes.\nLes Conf\u00e9rences offrent aux sponsors une plateforme unique pour soutenir l'excellence acad\u00e9mique tout en\nb\u00e9n\u00e9ficiant d'une forte visibilit\u00e9 aupr\u00e8s d'un public engag\u00e9 et qualifi\u00e9.<\/p><p class=\"p1\">Les formules de parrainage Or et Platine offrent des possibilit\u00e9s de marquage de premier plan (y compris le placement du logo sur les banni\u00e8res des \u00e9v\u00e9nements et les communications officielles par le biais d'articles sur le site web, d'enregistrements sur Youtube et de messages sur les m\u00e9dias sociaux) sur l'ensemble de la s\u00e9rie d'\u00e9v\u00e9nements dans le cadre de la piste qui correspond le mieux aux objectifs de votre organisation. Ces formules offrent \u00e9galement la possibilit\u00e9 de co-cr\u00e9er des \u00e9v\u00e9nements sur mesure pour mettre en \u00e9vidence les valeurs, les initiatives et les domaines d'expertise de votre organisation.<\/p>\t\t\t\t\t\t\t\t<\/div>\n\t\t\t\t<\/div>\n\t\t\t\t\t<\/div>\n\t\t\t\t<\/div>\n\t\t<div class=\"elementor-element elementor-element-35fae27 e-flex e-con-boxed e-con e-parent\" data-id=\"35fae27\" data-element_type=\"container\" data-e-type=\"container\">\n\t\t\t\t\t<div class=\"e-con-inner\">\n\t\t<div class=\"elementor-element elementor-element-264346b e-con-full e-flex e-con e-child\" data-id=\"264346b\" data-element_type=\"container\" data-e-type=\"container\">\n\t\t\t\t<div class=\"elementor-element elementor-element-08946cc elementor-widget elementor-widget-heading\" data-id=\"08946cc\" data-element_type=\"widget\" data-e-type=\"widget\" data-widget_type=\"heading.default\">\n\t\t\t\t\t<h2 class=\"elementor-heading-title elementor-size-default\">Piste I : Perspectives franco-britanniques\n\u00e0 travers le pass\u00e9, le pr\u00e9sent et l'avenir<\/h2>\t\t\t\t<\/div>\n\t\t\t\t<div class=\"elementor-element elementor-element-7eadb53 elementor-widget elementor-widget-text-editor\" data-id=\"7eadb53\" data-element_type=\"widget\" data-e-type=\"widget\" data-widget_type=\"text-editor.default\">\n\t\t\t\t\t\t\t\t\t<p class=\"p1\">Ce titre propose un riche voyage \u00e0 travers l'histoire, la culture et l'actualit\u00e9 franco-britannique, c\u00e9l\u00e9brant les liens profonds et les r\u00e9cits partag\u00e9s entre nos deux nations.<\/p>\t\t\t\t\t\t\t\t<\/div>\n\t\t<div class=\"elementor-element elementor-element-7b11865 e-con-full e-flex e-con e-child\" data-id=\"7b11865\" data-element_type=\"container\" data-e-type=\"container\" data-settings=\"{&quot;background_background&quot;:&quot;classic&quot;}\">\n\t\t\t\t<div class=\"elementor-element elementor-element-17b0c37 elementor-widget elementor-widget-text-editor\" data-id=\"17b0c37\" data-element_type=\"widget\" data-e-type=\"widget\" data-widget_type=\"text-editor.default\">\n\t\t\t\t\t\t\t\t\t<p class=\"p1\"><strong>Entretiens d'experts <\/strong>dirig\u00e9es par des historiens, des journalistes, des artistes et des diplomates, explorent les moments cl\u00e9s des relations franco-britanniques qui continuent de fa\u00e7onner les deux nations aujourd'hui.<\/p>\t\t\t\t\t\t\t\t<\/div>\n\t\t\t\t<\/div>\n\t\t<div class=\"elementor-element elementor-element-891074a e-con-full e-flex e-con e-child\" data-id=\"891074a\" data-element_type=\"container\" data-e-type=\"container\" data-settings=\"{&quot;background_background&quot;:&quot;classic&quot;}\">\n\t\t\t\t<div class=\"elementor-element elementor-element-9322cb6 elementor-widget elementor-widget-text-editor\" data-id=\"9322cb6\" data-element_type=\"widget\" data-e-type=\"widget\" data-widget_type=\"text-editor.default\">\n\t\t\t\t\t\t\t\t\t<p class=\"p1\"><strong>\u00c9v\u00e9nements culturels<\/strong> faire vivre la culture, la cr\u00e9ativit\u00e9 et la diversit\u00e9 franco-britannique \u00e0 travers des projections de films, des visites culturelles et des expositions.<\/p>\t\t\t\t\t\t\t\t<\/div>\n\t\t\t\t<\/div>\n\t\t<div class=\"elementor-element elementor-element-9e15eca e-con-full e-flex e-con e-child\" data-id=\"9e15eca\" data-element_type=\"container\" data-e-type=\"container\" data-settings=\"{&quot;background_background&quot;:&quot;classic&quot;}\">\n\t\t\t\t<div class=\"elementor-element elementor-element-e19a1dc elementor-widget elementor-widget-text-editor\" data-id=\"e19a1dc\" data-element_type=\"widget\" data-e-type=\"widget\" data-widget_type=\"text-editor.default\">\n\t\t\t\t\t\t\t\t\t<p class=\"p1\"><strong>Laboratoires des m\u00e9dias<\/strong> donnent aux \u00e9l\u00e8ves la possibilit\u00e9 de cr\u00e9er des po\u00e8mes, des blogs ou des courts-m\u00e9trages explorant des th\u00e8mes tels que l'identit\u00e9, l'appartenance et la vie franco-britannique, sous la direction d'artistes et d'\u00e9crivains.<\/p>\t\t\t\t\t\t\t\t<\/div>\n\t\t\t\t<\/div>\n\t\t<div class=\"elementor-element elementor-element-057e7e2 e-con-full e-flex e-con e-child\" data-id=\"057e7e2\" data-element_type=\"container\" data-e-type=\"container\" data-settings=\"{&quot;background_background&quot;:&quot;classic&quot;}\">\n\t\t\t\t<div class=\"elementor-element elementor-element-28c660b elementor-widget elementor-widget-text-editor\" data-id=\"28c660b\" data-element_type=\"widget\" data-e-type=\"widget\" data-widget_type=\"text-editor.default\">\n\t\t\t\t\t\t\t\t\t<p class=\"p1\"><strong>\u00c9v\u00e9nements professionnels<\/strong> mettre les \u00e9tudiants en contact avec des organisations et des entreprises culturelles qui prosp\u00e8rent gr\u00e2ce \u00e0 la coop\u00e9ration multinationale, \u00e0 la gestion culturelle et au journalisme.<\/p>\t\t\t\t\t\t\t\t<\/div>\n\t\t\t\t<\/div>\n\t\t\t\t<\/div>\n\t\t<div class=\"elementor-element elementor-element-e47687d e-con-full e-flex e-con e-child\" data-id=\"e47687d\" data-element_type=\"container\" data-e-type=\"container\">\n\t\t\t\t<div class=\"elementor-element elementor-element-30f6c67 elementor-widget elementor-widget-heading\" data-id=\"30f6c67\" data-element_type=\"widget\" data-e-type=\"widget\" data-widget_type=\"heading.default\">\n\t\t\t\t\t<h2 class=\"elementor-heading-title elementor-size-default\">Piste II : Conflits, technologies et s\u00e9curit\u00e9 mondiale<\/h2>\t\t\t\t<\/div>\n\t\t\t\t<div class=\"elementor-element elementor-element-aa433af elementor-widget elementor-widget-text-editor\" data-id=\"aa433af\" data-element_type=\"widget\" data-e-type=\"widget\" data-widget_type=\"text-editor.default\">\n\t\t\t\t\t\t\t\t\t<p class=\"p1\">Ce volet se penchera sur le th\u00e8me officiel du d\u00e9fi de l'Entente Cordiale Day 2025-2026, avec des expos\u00e9s d'experts, des ateliers interactifs et des d\u00e9bats d'experts.<\/p>\t\t\t\t\t\t\t\t<\/div>\n\t\t<div class=\"elementor-element elementor-element-85dd703 e-con-full e-flex e-con e-child\" data-id=\"85dd703\" data-element_type=\"container\" data-e-type=\"container\" data-settings=\"{&quot;background_background&quot;:&quot;classic&quot;}\">\n\t\t\t\t<div class=\"elementor-element elementor-element-7523a8b elementor-widget elementor-widget-text-editor\" data-id=\"7523a8b\" data-element_type=\"widget\" data-e-type=\"widget\" data-widget_type=\"text-editor.default\">\n\t\t\t\t\t\t\t\t\t<p class=\"p1\"><strong>Entretiens d'experts<\/strong> r\u00e9unir des dirigeants du monde entier pour explorer les questions de d\u00e9fense, de s\u00e9curit\u00e9 num\u00e9rique, de sant\u00e9 publique, de stabilit\u00e9 \u00e9cologique et de protection des populations vuln\u00e9rables par le biais d'un dialogue \u00e9clair\u00e9.<\/p>\t\t\t\t\t\t\t\t<\/div>\n\t\t\t\t<\/div>\n\t\t<div class=\"elementor-element elementor-element-109f5bc e-con-full e-flex e-con e-child\" data-id=\"109f5bc\" data-element_type=\"container\" data-e-type=\"container\" data-settings=\"{&quot;background_background&quot;:&quot;classic&quot;}\">\n\t\t\t\t<div class=\"elementor-element elementor-element-a92e8f9 elementor-widget elementor-widget-text-editor\" data-id=\"a92e8f9\" data-element_type=\"widget\" data-e-type=\"widget\" data-widget_type=\"text-editor.default\">\n\t\t\t\t\t\t\t\t\t<p class=\"p1\"><strong>Discussions en panel<\/strong> proposent des discussions interactives \u00e0 plusieurs voix o\u00f9 experts, praticiens et \u00e9tudiants s'engagent dans des d\u00e9bats anim\u00e9s.<\/p>\t\t\t\t\t\t\t\t<\/div>\n\t\t\t\t<\/div>\n\t\t<div class=\"elementor-element elementor-element-f751469 e-con-full e-flex e-con e-child\" data-id=\"f751469\" data-element_type=\"container\" data-e-type=\"container\" data-settings=\"{&quot;background_background&quot;:&quot;classic&quot;}\">\n\t\t\t\t<div class=\"elementor-element elementor-element-ecb1cf6 elementor-widget elementor-widget-text-editor\" data-id=\"ecb1cf6\" data-element_type=\"widget\" data-e-type=\"widget\" data-widget_type=\"text-editor.default\">\n\t\t\t\t\t\t\t\t\t<p class=\"p1\"><strong>Ateliers interactifs<\/strong> mettre les id\u00e9es en action en invitant les \u00e9tudiants \u00e0 collaborer, \u00e0 r\u00e9soudre des probl\u00e8mes et \u00e0 d\u00e9velopper des comp\u00e9tences pratiques par le biais d'activit\u00e9s concr\u00e8tes.<\/p>\t\t\t\t\t\t\t\t<\/div>\n\t\t\t\t<\/div>\n\t\t<div class=\"elementor-element elementor-element-38af964 e-con-full e-flex e-con e-child\" data-id=\"38af964\" data-element_type=\"container\" data-e-type=\"container\" data-settings=\"{&quot;background_background&quot;:&quot;classic&quot;}\">\n\t\t\t\t<div class=\"elementor-element elementor-element-ec16727 elementor-widget elementor-widget-text-editor\" data-id=\"ec16727\" data-element_type=\"widget\" data-e-type=\"widget\" data-widget_type=\"text-editor.default\">\n\t\t\t\t\t\t\t\t\t<p class=\"p1\"><strong>Carri\u00e8res \u00c9v\u00e9nements <\/strong>pr\u00e9senter aux \u00e9tudiants des entreprises et des professionnels travaillant dans les domaines de la diplomatie, de la cybers\u00e9curit\u00e9, de la politique environnementale, de la sant\u00e9 publique et des droits de l'homme.<\/p>\t\t\t\t\t\t\t\t<\/div>\n\t\t\t\t<\/div>\n\t\t\t\t<\/div>\n\t\t\t\t\t<\/div>\n\t\t\t\t<\/div>\n\t\t\t\t<\/div>","protected":false},"excerpt":{"rendered":"<p>EC Day Talk Series EC Day Talk Series Running from October to March, the Entente Cordiale Day Talks are a flagship series of high-impact events held in the UK and France, complementing the two main annual Entente Cordiale Day events: the Summit in April and the Alumni Meeting in July. Organised in collaboration with partnered [&hellip;]<\/p>\n","protected":false},"author":1,"featured_media":0,"parent":0,"menu_order":0,"comment_status":"closed","ping_status":"closed","template":"elementor_header_footer","meta":{"_acf_changed":false,"footnotes":""},"class_list":["post-2176","page","type-page","status-publish","hentry"],"acf":[],"yoast_head":"<!-- This site is optimized with the Yoast SEO plugin v27.4 - https:\/\/yoast.com\/product\/yoast-seo-wordpress\/ -->\n<title>EC Day Talk Series - Entente Cordiale Day University Challenge<\/title>\n<meta name=\"robots\" content=\"index, follow, max-snippet:-1, max-image-preview:large, max-video-preview:-1\" \/>\n<link rel=\"canonical\" href=\"https:\/\/ententecordialeday.org\/fr\/the-master-class\/\" \/>\n<meta property=\"og:locale\" content=\"fr_FR\" \/>\n<meta property=\"og:type\" content=\"article\" \/>\n<meta property=\"og:title\" content=\"EC Day Talk Series - Entente Cordiale Day University Challenge\" \/>\n<meta property=\"og:description\" content=\"EC Day Talk Series EC Day Talk Series Running from October to March, the Entente Cordiale Day Talks are a flagship series of high-impact events held in the UK and France, complementing the two main annual Entente Cordiale Day events: the Summit in April and the Alumni Meeting in July. Organised in collaboration with partnered [&hellip;]\" \/>\n<meta property=\"og:url\" content=\"https:\/\/ententecordialeday.org\/fr\/the-master-class\/\" \/>\n<meta property=\"og:site_name\" content=\"Entente Cordiale Day University Challenge\" \/>\n<meta property=\"article:modified_time\" content=\"2026-01-16T17:18:04+00:00\" \/>\n<meta property=\"og:image\" content=\"https:\/\/ententecordialeday.org\/wp-content\/uploads\/2025\/10\/Capture-decran-2025-10-13-a-14.35.16.png\" \/>\n\t<meta property=\"og:image:width\" content=\"941\" \/>\n\t<meta property=\"og:image:height\" content=\"878\" \/>\n\t<meta property=\"og:image:type\" content=\"image\/png\" \/>\n<meta name=\"twitter:card\" content=\"summary_large_image\" \/>\n<meta name=\"twitter:label1\" content=\"Dur\u00e9e de lecture estim\u00e9e\" \/>\n\t<meta name=\"twitter:data1\" content=\"2 minutes\" \/>\n<script type=\"application\/ld+json\" class=\"yoast-schema-graph\">{\"@context\":\"https:\\\/\\\/schema.org\",\"@graph\":[{\"@type\":\"WebPage\",\"@id\":\"https:\\\/\\\/ententecordialeday.org\\\/the-master-class\\\/\",\"url\":\"https:\\\/\\\/ententecordialeday.org\\\/the-master-class\\\/\",\"name\":\"EC Day Talk Series - Entente Cordiale Day University Challenge\",\"isPartOf\":{\"@id\":\"https:\\\/\\\/ententecordialeday.org\\\/#website\"},\"primaryImageOfPage\":{\"@id\":\"https:\\\/\\\/ententecordialeday.org\\\/the-master-class\\\/#primaryimage\"},\"image\":{\"@id\":\"https:\\\/\\\/ententecordialeday.org\\\/the-master-class\\\/#primaryimage\"},\"thumbnailUrl\":\"https:\\\/\\\/ententecordialeday.org\\\/wp-content\\\/uploads\\\/2025\\\/10\\\/Capture-decran-2025-10-13-a-14.35.16.png\",\"datePublished\":\"2025-10-10T16:00:11+00:00\",\"dateModified\":\"2026-01-16T17:18:04+00:00\",\"breadcrumb\":{\"@id\":\"https:\\\/\\\/ententecordialeday.org\\\/the-master-class\\\/#breadcrumb\"},\"inLanguage\":\"fr-FR\",\"potentialAction\":[{\"@type\":\"ReadAction\",\"target\":[\"https:\\\/\\\/ententecordialeday.org\\\/the-master-class\\\/\"]}]},{\"@type\":\"ImageObject\",\"inLanguage\":\"fr-FR\",\"@id\":\"https:\\\/\\\/ententecordialeday.org\\\/the-master-class\\\/#primaryimage\",\"url\":\"https:\\\/\\\/ententecordialeday.org\\\/wp-content\\\/uploads\\\/2025\\\/10\\\/Capture-decran-2025-10-13-a-14.35.16.png\",\"contentUrl\":\"https:\\\/\\\/ententecordialeday.org\\\/wp-content\\\/uploads\\\/2025\\\/10\\\/Capture-decran-2025-10-13-a-14.35.16.png\"},{\"@type\":\"BreadcrumbList\",\"@id\":\"https:\\\/\\\/ententecordialeday.org\\\/the-master-class\\\/#breadcrumb\",\"itemListElement\":[{\"@type\":\"ListItem\",\"position\":1,\"name\":\"Home\",\"item\":\"https:\\\/\\\/ententecordialeday.org\\\/\"},{\"@type\":\"ListItem\",\"position\":2,\"name\":\"EC Day Talk Series\"}]},{\"@type\":\"WebSite\",\"@id\":\"https:\\\/\\\/ententecordialeday.org\\\/#website\",\"url\":\"https:\\\/\\\/ententecordialeday.org\\\/\",\"name\":\"Entente Cordiale Day University Challenge\",\"description\":\"\",\"publisher\":{\"@id\":\"https:\\\/\\\/ententecordialeday.org\\\/#organization\"},\"potentialAction\":[{\"@type\":\"SearchAction\",\"target\":{\"@type\":\"EntryPoint\",\"urlTemplate\":\"https:\\\/\\\/ententecordialeday.org\\\/?s={search_term_string}\"},\"query-input\":{\"@type\":\"PropertyValueSpecification\",\"valueRequired\":true,\"valueName\":\"search_term_string\"}}],\"inLanguage\":\"fr-FR\"},{\"@type\":\"Organization\",\"@id\":\"https:\\\/\\\/ententecordialeday.org\\\/#organization\",\"name\":\"Entente Cordiale Day University Challenge\",\"url\":\"https:\\\/\\\/ententecordialeday.org\\\/\",\"logo\":{\"@type\":\"ImageObject\",\"inLanguage\":\"fr-FR\",\"@id\":\"https:\\\/\\\/ententecordialeday.org\\\/#\\\/schema\\\/logo\\\/image\\\/\",\"url\":\"https:\\\/\\\/ententecordialeday.org\\\/wp-content\\\/uploads\\\/2025\\\/09\\\/logoEDC.png\",\"contentUrl\":\"https:\\\/\\\/ententecordialeday.org\\\/wp-content\\\/uploads\\\/2025\\\/09\\\/logoEDC.png\",\"width\":1000,\"height\":1000,\"caption\":\"Entente Cordiale Day University Challenge\"},\"image\":{\"@id\":\"https:\\\/\\\/ententecordialeday.org\\\/#\\\/schema\\\/logo\\\/image\\\/\"},\"sameAs\":[\"https:\\\/\\\/www.linkedin.com\\\/company\\\/entente-cordiale-day-challeng\",\"https:\\\/\\\/www.instagram.com\\\/ententecordialechallenge\"]}]}<\/script>\n<!-- \/ Yoast SEO plugin. -->","yoast_head_json":{"title":"EC Day Talk Series - Entente Cordiale Day University Challenge","robots":{"index":"index","follow":"follow","max-snippet":"max-snippet:-1","max-image-preview":"max-image-preview:large","max-video-preview":"max-video-preview:-1"},"canonical":"https:\/\/ententecordialeday.org\/fr\/the-master-class\/","og_locale":"fr_FR","og_type":"article","og_title":"EC Day Talk Series - Entente Cordiale Day University Challenge","og_description":"EC Day Talk Series EC Day Talk Series Running from October to March, the Entente Cordiale Day Talks are a flagship series of high-impact events held in the UK and France, complementing the two main annual Entente Cordiale Day events: the Summit in April and the Alumni Meeting in July. Organised in collaboration with partnered [&hellip;]","og_url":"https:\/\/ententecordialeday.org\/fr\/the-master-class\/","og_site_name":"Entente Cordiale Day University Challenge","article_modified_time":"2026-01-16T17:18:04+00:00","og_image":[{"width":941,"height":878,"url":"https:\/\/ententecordialeday.org\/wp-content\/uploads\/2025\/10\/Capture-decran-2025-10-13-a-14.35.16.png","type":"image\/png"}],"twitter_card":"summary_large_image","twitter_misc":{"Dur\u00e9e de lecture estim\u00e9e":"2 minutes"},"schema":{"@context":"https:\/\/schema.org","@graph":[{"@type":"WebPage","@id":"https:\/\/ententecordialeday.org\/the-master-class\/","url":"https:\/\/ententecordialeday.org\/the-master-class\/","name":"EC Day Talk Series - Entente Cordiale Day University Challenge","isPartOf":{"@id":"https:\/\/ententecordialeday.org\/#website"},"primaryImageOfPage":{"@id":"https:\/\/ententecordialeday.org\/the-master-class\/#primaryimage"},"image":{"@id":"https:\/\/ententecordialeday.org\/the-master-class\/#primaryimage"},"thumbnailUrl":"https:\/\/ententecordialeday.org\/wp-content\/uploads\/2025\/10\/Capture-decran-2025-10-13-a-14.35.16.png","datePublished":"2025-10-10T16:00:11+00:00","dateModified":"2026-01-16T17:18:04+00:00","breadcrumb":{"@id":"https:\/\/ententecordialeday.org\/the-master-class\/#breadcrumb"},"inLanguage":"fr-FR","potentialAction":[{"@type":"ReadAction","target":["https:\/\/ententecordialeday.org\/the-master-class\/"]}]},{"@type":"ImageObject","inLanguage":"fr-FR","@id":"https:\/\/ententecordialeday.org\/the-master-class\/#primaryimage","url":"https:\/\/ententecordialeday.org\/wp-content\/uploads\/2025\/10\/Capture-decran-2025-10-13-a-14.35.16.png","contentUrl":"https:\/\/ententecordialeday.org\/wp-content\/uploads\/2025\/10\/Capture-decran-2025-10-13-a-14.35.16.png"},{"@type":"BreadcrumbList","@id":"https:\/\/ententecordialeday.org\/the-master-class\/#breadcrumb","itemListElement":[{"@type":"ListItem","position":1,"name":"Home","item":"https:\/\/ententecordialeday.org\/"},{"@type":"ListItem","position":2,"name":"EC Day Talk Series"}]},{"@type":"WebSite","@id":"https:\/\/ententecordialeday.org\/#website","url":"https:\/\/ententecordialeday.org\/","name":"Journ\u00e9e de l'Entente Cordiale D\u00e9fi universitaire","description":"","publisher":{"@id":"https:\/\/ententecordialeday.org\/#organization"},"potentialAction":[{"@type":"SearchAction","target":{"@type":"EntryPoint","urlTemplate":"https:\/\/ententecordialeday.org\/?s={search_term_string}"},"query-input":{"@type":"PropertyValueSpecification","valueRequired":true,"valueName":"search_term_string"}}],"inLanguage":"fr-FR"},{"@type":"Organization","@id":"https:\/\/ententecordialeday.org\/#organization","name":"Journ\u00e9e de l'Entente Cordiale D\u00e9fi universitaire","url":"https:\/\/ententecordialeday.org\/","logo":{"@type":"ImageObject","inLanguage":"fr-FR","@id":"https:\/\/ententecordialeday.org\/#\/schema\/logo\/image\/","url":"https:\/\/ententecordialeday.org\/wp-content\/uploads\/2025\/09\/logoEDC.png","contentUrl":"https:\/\/ententecordialeday.org\/wp-content\/uploads\/2025\/09\/logoEDC.png","width":1000,"height":1000,"caption":"Entente Cordiale Day University Challenge"},"image":{"@id":"https:\/\/ententecordialeday.org\/#\/schema\/logo\/image\/"},"sameAs":["https:\/\/www.linkedin.com\/company\/entente-cordiale-day-challeng","https:\/\/www.instagram.com\/ententecordialechallenge"]}]}},"_links":{"self":[{"href":"https:\/\/ententecordialeday.org\/fr\/wp-json\/wp\/v2\/pages\/2176","targetHints":{"allow":["GET"]}}],"collection":[{"href":"https:\/\/ententecordialeday.org\/fr\/wp-json\/wp\/v2\/pages"}],"about":[{"href":"https:\/\/ententecordialeday.org\/fr\/wp-json\/wp\/v2\/types\/page"}],"author":[{"embeddable":true,"href":"https:\/\/ententecordialeday.org\/fr\/wp-json\/wp\/v2\/users\/1"}],"replies":[{"embeddable":true,"href":"https:\/\/ententecordialeday.org\/fr\/wp-json\/wp\/v2\/comments?post=2176"}],"version-history":[{"count":65,"href":"https:\/\/ententecordialeday.org\/fr\/wp-json\/wp\/v2\/pages\/2176\/revisions"}],"predecessor-version":[{"id":2961,"href":"https:\/\/ententecordialeday.org\/fr\/wp-json\/wp\/v2\/pages\/2176\/revisions\/2961"}],"wp:attachment":[{"href":"https:\/\/ententecordialeday.org\/fr\/wp-json\/wp\/v2\/media?parent=2176"}],"curies":[{"name":"wp","href":"https:\/\/api.w.org\/{rel}","templated":true}]}}